{"id":10358,"date":"2023-08-08T12:36:54","date_gmt":"2023-08-08T10:36:54","guid":{"rendered":"https:\/\/creativabarcelona.com\/pase-de-modelos\/"},"modified":"2023-08-08T12:57:45","modified_gmt":"2023-08-08T10:57:45","slug":"desfilada-de-models","status":"publish","type":"page","link":"https:\/\/creativabarcelona.com\/ca\/desfilada-de-models\/","title":{"rendered":"Desfilada de models"},"content":{"rendered":"\t\t<div data-elementor-type=\"wp-page\" data-elementor-id=\"10358\" class=\"elementor elementor-10358 elementor-10350\" data-elementor-post-type=\"page\">\n\t\t\t\t\t\t<section class=\"elementor-section elementor-top-section elementor-element elementor-element-21bad514 elementor-section-boxed elementor-section-height-default elementor-section-height-default\" data-id=\"21bad514\" data-element_type=\"section\" data-e-type=\"section\">\n\t\t\t\t\t\t<div class=\"elementor-container elementor-column-gap-default\">\n\t\t\t\t\t<div class=\"elementor-column elementor-col-100 elementor-top-column elementor-element elementor-element-510e78a1\" data-id=\"510e78a1\" data-element_type=\"column\" data-e-type=\"column\">\n\t\t\t<div class=\"elementor-widget-wrap elementor-element-populated\">\n\t\t\t\t\t\t<div class=\"elementor-element elementor-element-8d7a9cf elementor-widget elementor-widget-global elementor-global-10383 elementor-widget-html\" data-id=\"8d7a9cf\" data-element_type=\"widget\" data-e-type=\"widget\" data-widget_type=\"html.default\">\n\t\t\t\t<div class=\"elementor-widget-container\">\n\t\t\t\t\t<div class=\"elementor-form-fields-wrapper elementor-labels-above\"> <div class=\"elementor-field-type-select elementor-field-group elementor-column elementor-field-group-field_7e41d5d elementor-col-100\"> \t\t\t\t\t\t\t\n<div class=\"elementor-field elementor-select-wrapper\">\n<select onChange=\"window.location.href=this.value\" class=\"elementor-field-textual elementor-size-sm\">\n<option selected disabled>Men\u00fa activitats a l'escenari<\/option>  \n<option value=\"https:\/\/creativabarcelona.com\/ca\/master-class\/\">Master Class<\/option>\n<option value=\"https:\/\/creativabarcelona.com\/ca\/demostracions\/\">Demostracions<\/option>\n<option value=\"https:\/\/creativabarcelona.com\/ca\/entrevistes\/\">Entrevistes<\/option>\n<option value=\"https:\/\/creativabarcelona.com\/ca\/presentacions\/\">Presentacions<\/option>\n<option value=\"https:\/\/creativabarcelona.com\/ca\/desfilada-de-models\/\">Desfilada de models<\/option>\n<option value=\"https:\/\/creativabarcelona.com\/ca\/exposicions\/\">Exposicions<\/option>\n<\/select>\n<\/div> \t\t\t\t\t\t\n<\/div> \t\t\t\t\t\t\t\n<\/div>\t\t\t\t<\/div>\n\t\t\t\t<\/div>\n\t\t\t\t\t<\/div>\n\t\t<\/div>\n\t\t\t\t\t<\/div>\n\t\t<\/section>\n\t\t\t\t<section class=\"elementor-section elementor-top-section elementor-element elementor-element-7fef5bd2 elementor-section-boxed elementor-section-height-default elementor-section-height-default\" data-id=\"7fef5bd2\" data-element_type=\"section\" data-e-type=\"section\">\n\t\t\t\t\t\t<div class=\"elementor-container elementor-column-gap-default\">\n\t\t\t\t\t<div class=\"elementor-column elementor-col-100 elementor-top-column elementor-element elementor-element-6ab4dc61\" data-id=\"6ab4dc61\" data-element_type=\"column\" data-e-type=\"column\">\n\t\t\t<div class=\"elementor-widget-wrap elementor-element-populated\">\n\t\t\t\t\t\t<div class=\"elementor-element elementor-element-70f8d31 elementor-widget elementor-widget-heading\" data-id=\"70f8d31\" data-element_type=\"widget\" data-e-type=\"widget\" data-widget_type=\"heading.default\">\n\t\t\t\t<div class=\"elementor-widget-container\">\n\t\t\t\t\t<h6 class=\"elementor-heading-title elementor-size-default\">Activitats a l'escenari<\/h6>\t\t\t\t<\/div>\n\t\t\t\t<\/div>\n\t\t\t\t<div class=\"elementor-element elementor-element-14da7be0 elementor-widget elementor-widget-heading\" data-id=\"14da7be0\" data-element_type=\"widget\" data-e-type=\"widget\" data-widget_type=\"heading.default\">\n\t\t\t\t<div class=\"elementor-widget-container\">\n\t\t\t\t\t<h2 class=\"elementor-heading-title elementor-size-default\">Desfilada de models a Creativa Barcelona 2023<\/h2>\t\t\t\t<\/div>\n\t\t\t\t<\/div>\n\t\t\t\t<div class=\"elementor-element elementor-element-76efc512 elementor-widget elementor-widget-heading\" data-id=\"76efc512\" data-element_type=\"widget\" data-e-type=\"widget\" data-widget_type=\"heading.default\">\n\t\t\t\t<div class=\"elementor-widget-container\">\n\t\t\t\t\t<h5 class=\"elementor-heading-title elementor-size-default\">Prepara\u2019t per ser part d\u2019un espectacle de moda \u00fanic, on la creativitat i el talent es fusionen a la desfilada.<\/h5>\t\t\t\t<\/div>\n\t\t\t\t<\/div>\n\t\t\t\t\t<\/div>\n\t\t<\/div>\n\t\t\t\t\t<\/div>\n\t\t<\/section>\n\t\t\t\t<section class=\"elementor-section elementor-top-section elementor-element elementor-element-221d05a5 elementor-reverse-mobile elementor-section-content-middle elementor-section-boxed elementor-section-height-default elementor-section-height-default\" data-id=\"221d05a5\" data-element_type=\"section\" data-e-type=\"section\">\n\t\t\t\t\t\t<div class=\"elementor-container elementor-column-gap-wider\">\n\t\t\t\t\t<div class=\"elementor-column elementor-col-50 elementor-top-column elementor-element elementor-element-6dcd7e95\" data-id=\"6dcd7e95\" data-element_type=\"column\" data-e-type=\"column\">\n\t\t\t<div class=\"elementor-widget-wrap elementor-element-populated\">\n\t\t\t\t\t\t<div class=\"elementor-element elementor-element-d1ec817 elementor-widget elementor-widget-text-editor\" data-id=\"d1ec817\" data-element_type=\"widget\" data-e-type=\"widget\" data-widget_type=\"text-editor.default\">\n\t\t\t\t<div class=\"elementor-widget-container\">\n\t\t\t\t\t\t\t\t\t<p>La nostra secci\u00f3 de moda presenta una diversitat d\u2019estils i dissenys, celebrant l\u2019autenticitat i la inclusi\u00f3. Models de totes les edats, talles, g\u00e8neres i or\u00edgens desfilaran amb confian\u00e7a, mostrant la bellesa de la diversitat.<\/p><p>Uneix-te a nosaltres i submergeix-te en un emocionant recorregut per les \u00faltimes tend\u00e8ncies i creacions innovadores en el m\u00f3n de la moda. No et perdis aquesta desfilada inspiradora a Creativa Barcelona 2023!<\/p>\t\t\t\t\t\t\t\t<\/div>\n\t\t\t\t<\/div>\n\t\t\t\t\t<\/div>\n\t\t<\/div>\n\t\t\t\t<div class=\"elementor-column elementor-col-50 elementor-top-column elementor-element elementor-element-3ab8e6e3\" data-id=\"3ab8e6e3\" data-element_type=\"column\" data-e-type=\"column\">\n\t\t\t<div class=\"elementor-widget-wrap elementor-element-populated\">\n\t\t\t\t\t\t<div class=\"elementor-element elementor-element-2c9ba8ea elementor-widget elementor-widget-image\" data-id=\"2c9ba8ea\" data-element_type=\"widget\" data-e-type=\"widget\" data-widget_type=\"image.default\">\n\t\t\t\t<div class=\"elementor-widget-container\">\n\t\t\t\t\t\t\t\t\t\t\t\t\t\t\t<img fetchpriority=\"high\" decoding=\"async\" width=\"438\" height=\"375\" src=\"https:\/\/creativabarcelona.com\/wp-content\/uploads\/2023\/08\/img_desfile_escenario_2023.png\" class=\"attachment-full size-full wp-image-10354\" alt=\"Pase de modelos de Creativa Barcelona 2023\" srcset=\"https:\/\/creativabarcelona.com\/wp-content\/uploads\/2023\/08\/img_desfile_escenario_2023.png 438w, https:\/\/creativabarcelona.com\/wp-content\/uploads\/2023\/08\/img_desfile_escenario_2023-300x257.png 300w\" sizes=\"(max-width: 438px) 100vw, 438px\" \/>\t\t\t\t\t\t\t\t\t\t\t\t\t\t\t<\/div>\n\t\t\t\t<\/div>\n\t\t\t\t\t<\/div>\n\t\t<\/div>\n\t\t\t\t\t<\/div>\n\t\t<\/section>\n\t\t\t\t<section class=\"elementor-section elementor-top-section elementor-element elementor-element-74931adf elementor-section-boxed elementor-section-height-default elementor-section-height-default\" data-id=\"74931adf\" data-element_type=\"section\" data-e-type=\"section\">\n\t\t\t\t\t\t<div class=\"elementor-container elementor-column-gap-default\">\n\t\t\t\t\t<div class=\"elementor-column elementor-col-100 elementor-top-column elementor-element elementor-element-1377fefd\" data-id=\"1377fefd\" data-element_type=\"column\" data-e-type=\"column\">\n\t\t\t<div class=\"elementor-widget-wrap elementor-element-populated\">\n\t\t\t\t\t\t<div class=\"elementor-element elementor-element-11f9deb elementor-alert-warning elementor-widget elementor-widget-global elementor-global-10302 elementor-widget-alert\" data-id=\"11f9deb\" data-element_type=\"widget\" data-e-type=\"widget\" data-widget_type=\"alert.default\">\n\t\t\t\t<div class=\"elementor-widget-container\">\n\t\t\t\t\t\t\t<div class=\"elementor-alert\" role=\"alert\">\n\n\t\t\t\t\t\t<span class=\"elementor-alert-title\">Estem preparant els continguts d\u00b4aquesta nova edici\u00f3 2025.<\/span>\n\t\t\t\n\t\t\t\t\t\t<span class=\"elementor-alert-description\">Segueix atent@ a la nostra web i les nostres xarxes socials per estar informat\/da de les properes novetats i sorpreses que tenim preparades.<\/span>\n\t\t\t\n\t\t\t\n\t\t<\/div>\n\t\t\t\t\t\t<\/div>\n\t\t\t\t<\/div>\n\t\t\t\t\t<\/div>\n\t\t<\/div>\n\t\t\t\t\t<\/div>\n\t\t<\/section>\n\t\t\t\t<\/div>\n\t\t","protected":false},"excerpt":{"rendered":"<p>Men\u00fa activitats a l&#8217;escenariMaster ClassDemostracionsEntrevistesPresentacionsDesfilada de modelsExposicions Activitats a l&#8217;escenari Desfilada de models a Creativa Barcelona 2023 Prepara\u2019t per ser part d\u2019un espectacle de moda \u00fanic, on la creativitat i el talent es fusionen a la desfilada. La nostra secci\u00f3 de moda presenta una diversitat d\u2019estils i dissenys, celebrant l\u2019autenticitat i la inclusi\u00f3. Models de [&hellip;]<\/p>\n","protected":false},"author":1,"featured_media":0,"parent":0,"menu_order":0,"comment_status":"closed","ping_status":"closed","template":"elementor_header_footer","meta":{"footnotes":""},"class_list":["post-10358","page","type-page","status-publish","hentry"],"yoast_head":"<!-- This site is optimized with the Yoast SEO plugin v27.5 - https:\/\/yoast.com\/product\/yoast-seo-wordpress\/ -->\n<title>Desfilada de models - Creativa Barcelona<\/title>\n<meta name=\"robots\" content=\"index, follow, max-snippet:-1, max-image-preview:large, max-video-preview:-1\" \/>\n<link rel=\"canonical\" href=\"https:\/\/creativabarcelona.com\/pase-de-modelos\/\" \/>\n<meta property=\"og:locale\" content=\"ca_ES\" \/>\n<meta property=\"og:type\" content=\"article\" \/>\n<meta property=\"og:title\" content=\"Desfilada de models - Creativa Barcelona\" \/>\n<meta property=\"og:description\" content=\"Men\u00fa activitats a l&#8217;escenariMaster ClassDemostracionsEntrevistesPresentacionsDesfilada de modelsExposicions Activitats a l&#8217;escenari Desfilada de models a Creativa Barcelona 2023 Prepara\u2019t per ser part d\u2019un espectacle de moda \u00fanic, on la creativitat i el talent es fusionen a la desfilada. La nostra secci\u00f3 de moda presenta una diversitat d\u2019estils i dissenys, celebrant l\u2019autenticitat i la inclusi\u00f3. Models de [&hellip;]\" \/>\n<meta property=\"og:url\" content=\"https:\/\/creativabarcelona.com\/pase-de-modelos\/\" \/>\n<meta property=\"og:site_name\" content=\"Creativa Barcelona\" \/>\n<meta property=\"article:modified_time\" content=\"2023-08-08T10:57:45+00:00\" \/>\n<meta property=\"og:image\" content=\"https:\/\/creativabarcelona.com\/wp-content\/uploads\/2023\/08\/img_desfile_escenario_2023.png\" \/>\n<meta name=\"twitter:card\" content=\"summary_large_image\" \/>\n<meta name=\"twitter:label1\" content=\"Temps estimat de lectura\" \/>\n\t<meta name=\"twitter:data1\" content=\"1 minut\" \/>\n<script type=\"application\/ld+json\" class=\"yoast-schema-graph\">{\"@context\":\"https:\\\/\\\/schema.org\",\"@graph\":[{\"@type\":\"WebPage\",\"@id\":\"https:\\\/\\\/creativabarcelona.com\\\/pase-de-modelos\\\/\",\"url\":\"https:\\\/\\\/creativabarcelona.com\\\/pase-de-modelos\\\/\",\"name\":\"Desfilada de models - Creativa Barcelona\",\"isPartOf\":{\"@id\":\"https:\\\/\\\/creativabarcelona.com\\\/#website\"},\"primaryImageOfPage\":{\"@id\":\"https:\\\/\\\/creativabarcelona.com\\\/pase-de-modelos\\\/#primaryimage\"},\"image\":{\"@id\":\"https:\\\/\\\/creativabarcelona.com\\\/pase-de-modelos\\\/#primaryimage\"},\"thumbnailUrl\":\"https:\\\/\\\/creativabarcelona.com\\\/wp-content\\\/uploads\\\/2023\\\/08\\\/img_desfile_escenario_2023.png\",\"datePublished\":\"2023-08-08T10:36:54+00:00\",\"dateModified\":\"2023-08-08T10:57:45+00:00\",\"breadcrumb\":{\"@id\":\"https:\\\/\\\/creativabarcelona.com\\\/pase-de-modelos\\\/#breadcrumb\"},\"inLanguage\":\"ca\",\"potentialAction\":[{\"@type\":\"ReadAction\",\"target\":[\"https:\\\/\\\/creativabarcelona.com\\\/pase-de-modelos\\\/\"]}]},{\"@type\":\"ImageObject\",\"inLanguage\":\"ca\",\"@id\":\"https:\\\/\\\/creativabarcelona.com\\\/pase-de-modelos\\\/#primaryimage\",\"url\":\"https:\\\/\\\/creativabarcelona.com\\\/wp-content\\\/uploads\\\/2023\\\/08\\\/img_desfile_escenario_2023.png\",\"contentUrl\":\"https:\\\/\\\/creativabarcelona.com\\\/wp-content\\\/uploads\\\/2023\\\/08\\\/img_desfile_escenario_2023.png\"},{\"@type\":\"BreadcrumbList\",\"@id\":\"https:\\\/\\\/creativabarcelona.com\\\/pase-de-modelos\\\/#breadcrumb\",\"itemListElement\":[{\"@type\":\"ListItem\",\"position\":1,\"name\":\"Portada\",\"item\":\"https:\\\/\\\/creativabarcelona.com\\\/ca\\\/\"},{\"@type\":\"ListItem\",\"position\":2,\"name\":\"Desfilada de models\"}]},{\"@type\":\"WebSite\",\"@id\":\"https:\\\/\\\/creativabarcelona.com\\\/#website\",\"url\":\"https:\\\/\\\/creativabarcelona.com\\\/\",\"name\":\"Creativa Barcelona\",\"description\":\"Sal\u00f3 de les Manualitats i Artesanies\",\"publisher\":{\"@id\":\"https:\\\/\\\/creativabarcelona.com\\\/#organization\"},\"potentialAction\":[{\"@type\":\"SearchAction\",\"target\":{\"@type\":\"EntryPoint\",\"urlTemplate\":\"https:\\\/\\\/creativabarcelona.com\\\/?s={search_term_string}\"},\"query-input\":{\"@type\":\"PropertyValueSpecification\",\"valueRequired\":true,\"valueName\":\"search_term_string\"}}],\"inLanguage\":\"ca\"},{\"@type\":\"Organization\",\"@id\":\"https:\\\/\\\/creativabarcelona.com\\\/#organization\",\"name\":\"Creativa Barcelona\",\"url\":\"https:\\\/\\\/creativabarcelona.com\\\/\",\"logo\":{\"@type\":\"ImageObject\",\"inLanguage\":\"ca\",\"@id\":\"https:\\\/\\\/creativabarcelona.com\\\/#\\\/schema\\\/logo\\\/image\\\/\",\"url\":\"https:\\\/\\\/creativabarcelona.com\\\/wp-content\\\/uploads\\\/2025\\\/03\\\/logo_creativa_barcelona_Cast-1.png\",\"contentUrl\":\"https:\\\/\\\/creativabarcelona.com\\\/wp-content\\\/uploads\\\/2025\\\/03\\\/logo_creativa_barcelona_Cast-1.png\",\"width\":777,\"height\":417,\"caption\":\"Creativa Barcelona\"},\"image\":{\"@id\":\"https:\\\/\\\/creativabarcelona.com\\\/#\\\/schema\\\/logo\\\/image\\\/\"}}]}<\/script>\n<!-- \/ Yoast SEO plugin. -->","yoast_head_json":{"title":"Desfilada de models - Creativa Barcelona","robots":{"index":"index","follow":"follow","max-snippet":"max-snippet:-1","max-image-preview":"max-image-preview:large","max-video-preview":"max-video-preview:-1"},"canonical":"https:\/\/creativabarcelona.com\/pase-de-modelos\/","og_locale":"ca_ES","og_type":"article","og_title":"Desfilada de models - Creativa Barcelona","og_description":"Men\u00fa activitats a l&#8217;escenariMaster ClassDemostracionsEntrevistesPresentacionsDesfilada de modelsExposicions Activitats a l&#8217;escenari Desfilada de models a Creativa Barcelona 2023 Prepara\u2019t per ser part d\u2019un espectacle de moda \u00fanic, on la creativitat i el talent es fusionen a la desfilada. La nostra secci\u00f3 de moda presenta una diversitat d\u2019estils i dissenys, celebrant l\u2019autenticitat i la inclusi\u00f3. Models de [&hellip;]","og_url":"https:\/\/creativabarcelona.com\/pase-de-modelos\/","og_site_name":"Creativa Barcelona","article_modified_time":"2023-08-08T10:57:45+00:00","og_image":[{"url":"https:\/\/creativabarcelona.com\/wp-content\/uploads\/2023\/08\/img_desfile_escenario_2023.png","type":"","width":"","height":""}],"twitter_card":"summary_large_image","twitter_misc":{"Temps estimat de lectura":"1 minut"},"schema":{"@context":"https:\/\/schema.org","@graph":[{"@type":"WebPage","@id":"https:\/\/creativabarcelona.com\/pase-de-modelos\/","url":"https:\/\/creativabarcelona.com\/pase-de-modelos\/","name":"Desfilada de models - Creativa Barcelona","isPartOf":{"@id":"https:\/\/creativabarcelona.com\/#website"},"primaryImageOfPage":{"@id":"https:\/\/creativabarcelona.com\/pase-de-modelos\/#primaryimage"},"image":{"@id":"https:\/\/creativabarcelona.com\/pase-de-modelos\/#primaryimage"},"thumbnailUrl":"https:\/\/creativabarcelona.com\/wp-content\/uploads\/2023\/08\/img_desfile_escenario_2023.png","datePublished":"2023-08-08T10:36:54+00:00","dateModified":"2023-08-08T10:57:45+00:00","breadcrumb":{"@id":"https:\/\/creativabarcelona.com\/pase-de-modelos\/#breadcrumb"},"inLanguage":"ca","potentialAction":[{"@type":"ReadAction","target":["https:\/\/creativabarcelona.com\/pase-de-modelos\/"]}]},{"@type":"ImageObject","inLanguage":"ca","@id":"https:\/\/creativabarcelona.com\/pase-de-modelos\/#primaryimage","url":"https:\/\/creativabarcelona.com\/wp-content\/uploads\/2023\/08\/img_desfile_escenario_2023.png","contentUrl":"https:\/\/creativabarcelona.com\/wp-content\/uploads\/2023\/08\/img_desfile_escenario_2023.png"},{"@type":"BreadcrumbList","@id":"https:\/\/creativabarcelona.com\/pase-de-modelos\/#breadcrumb","itemListElement":[{"@type":"ListItem","position":1,"name":"Portada","item":"https:\/\/creativabarcelona.com\/ca\/"},{"@type":"ListItem","position":2,"name":"Desfilada de models"}]},{"@type":"WebSite","@id":"https:\/\/creativabarcelona.com\/#website","url":"https:\/\/creativabarcelona.com\/","name":"Creativa Barcelona","description":"Sal\u00f3 de les Manualitats i Artesanies","publisher":{"@id":"https:\/\/creativabarcelona.com\/#organization"},"potentialAction":[{"@type":"SearchAction","target":{"@type":"EntryPoint","urlTemplate":"https:\/\/creativabarcelona.com\/?s={search_term_string}"},"query-input":{"@type":"PropertyValueSpecification","valueRequired":true,"valueName":"search_term_string"}}],"inLanguage":"ca"},{"@type":"Organization","@id":"https:\/\/creativabarcelona.com\/#organization","name":"Creativa Barcelona","url":"https:\/\/creativabarcelona.com\/","logo":{"@type":"ImageObject","inLanguage":"ca","@id":"https:\/\/creativabarcelona.com\/#\/schema\/logo\/image\/","url":"https:\/\/creativabarcelona.com\/wp-content\/uploads\/2025\/03\/logo_creativa_barcelona_Cast-1.png","contentUrl":"https:\/\/creativabarcelona.com\/wp-content\/uploads\/2025\/03\/logo_creativa_barcelona_Cast-1.png","width":777,"height":417,"caption":"Creativa Barcelona"},"image":{"@id":"https:\/\/creativabarcelona.com\/#\/schema\/logo\/image\/"}}]}},"_links":{"self":[{"href":"https:\/\/creativabarcelona.com\/ca\/wp-json\/wp\/v2\/pages\/10358","targetHints":{"allow":["GET"]}}],"collection":[{"href":"https:\/\/creativabarcelona.com\/ca\/wp-json\/wp\/v2\/pages"}],"about":[{"href":"https:\/\/creativabarcelona.com\/ca\/wp-json\/wp\/v2\/types\/page"}],"author":[{"embeddable":true,"href":"https:\/\/creativabarcelona.com\/ca\/wp-json\/wp\/v2\/users\/1"}],"replies":[{"embeddable":true,"href":"https:\/\/creativabarcelona.com\/ca\/wp-json\/wp\/v2\/comments?post=10358"}],"version-history":[{"count":5,"href":"https:\/\/creativabarcelona.com\/ca\/wp-json\/wp\/v2\/pages\/10358\/revisions"}],"predecessor-version":[{"id":10400,"href":"https:\/\/creativabarcelona.com\/ca\/wp-json\/wp\/v2\/pages\/10358\/revisions\/10400"}],"wp:attachment":[{"href":"https:\/\/creativabarcelona.com\/ca\/wp-json\/wp\/v2\/media?parent=10358"}],"curies":[{"name":"wp","href":"https:\/\/api.w.org\/{rel}","templated":true}]}}