{"id":17806,"date":"2024-10-07T18:57:44","date_gmt":"2024-10-07T16:57:44","guid":{"rendered":"https:\/\/creativabarcelona.com\/concurso-costura\/"},"modified":"2024-10-11T09:20:02","modified_gmt":"2024-10-11T07:20:02","slug":"concurso-costura","status":"publish","type":"page","link":"https:\/\/creativabarcelona.com\/ca\/concurso-costura\/","title":{"rendered":"Concurs de Costura Creativa"},"content":{"rendered":"\t\t<div data-elementor-type=\"wp-page\" data-elementor-id=\"17806\" class=\"elementor elementor-17806\" data-elementor-post-type=\"page\">\n\t\t\t\t<div class=\"elementor-element elementor-element-87a5a51 elementor-hidden-mobile e-flex e-con-boxed e-con e-parent\" data-id=\"87a5a51\" data-element_type=\"container\" data-e-type=\"container\">\n\t\t\t\t\t<div class=\"e-con-inner\">\n\t\t<div class=\"elementor-element elementor-element-8c0bf68 e-con-full e-flex e-con e-child\" data-id=\"8c0bf68\" data-element_type=\"container\" data-e-type=\"container\">\n\t\t\t\t<div class=\"elementor-element elementor-element-77dbb8f elementor-widget elementor-widget-image\" data-id=\"77dbb8f\" data-element_type=\"widget\" data-e-type=\"widget\" data-widget_type=\"image.default\">\n\t\t\t\t<div class=\"elementor-widget-container\">\n\t\t\t\t\t\t\t\t\t\t\t\t\t\t\t\t<a href=\"https:\/\/creativabarcelona.com\/influencers\/armando-skarlett\/\">\n\t\t\t\t\t\t\t<img decoding=\"async\" width=\"150\" height=\"150\" src=\"https:\/\/creativabarcelona.com\/wp-content\/uploads\/2024\/09\/influencer2024_armando_skarlett-1-150x150.jpg\" class=\"attachment-thumbnail size-thumbnail wp-image-16777\" alt=\"Concurs de Costura Creativa|Creativa Barcelona\" srcset=\"https:\/\/creativabarcelona.com\/wp-content\/uploads\/2024\/09\/influencer2024_armando_skarlett-1-150x150.jpg 150w, https:\/\/creativabarcelona.com\/wp-content\/uploads\/2024\/09\/influencer2024_armando_skarlett-1-300x300.jpg 300w, https:\/\/creativabarcelona.com\/wp-content\/uploads\/2024\/09\/influencer2024_armando_skarlett-1.jpg 500w\" sizes=\"(max-width: 150px) 100vw, 150px\" title=\"influencer2024_armando_skarlett.jpg | Creativa Barcelona\" \/>\t\t\t\t\t\t\t\t<\/a>\n\t\t\t\t\t\t\t\t\t\t\t\t\t\t\t<\/div>\n\t\t\t\t<\/div>\n\t\t\t\t<\/div>\n\t\t<div class=\"elementor-element elementor-element-96c70cd e-con-full e-flex e-con e-child\" data-id=\"96c70cd\" data-element_type=\"container\" data-e-type=\"container\">\n\t\t\t\t<div class=\"elementor-element elementor-element-aaf5169 elementor-widget elementor-widget-image\" data-id=\"aaf5169\" data-element_type=\"widget\" data-e-type=\"widget\" data-widget_type=\"image.default\">\n\t\t\t\t<div class=\"elementor-widget-container\">\n\t\t\t\t\t\t\t\t\t\t\t\t\t\t\t<img fetchpriority=\"high\" decoding=\"async\" width=\"300\" height=\"300\" src=\"https:\/\/creativabarcelona.com\/wp-content\/uploads\/2024\/10\/logo_concurso_costura2-1.png\" class=\"attachment-medium size-medium wp-image-18048\" alt=\"Concurs de Costura Creativa|Creativa Barcelona\" srcset=\"https:\/\/creativabarcelona.com\/wp-content\/uploads\/2024\/10\/logo_concurso_costura2-1.png 300w, https:\/\/creativabarcelona.com\/wp-content\/uploads\/2024\/10\/logo_concurso_costura2-1-150x150.png 150w\" sizes=\"(max-width: 300px) 100vw, 300px\" title=\"logo_concurso_costura2.png | Creativa Barcelona\" \/>\t\t\t\t\t\t\t\t\t\t\t\t\t\t\t<\/div>\n\t\t\t\t<\/div>\n\t\t\t\t<\/div>\n\t\t<div class=\"elementor-element elementor-element-0056d47 e-con-full e-flex e-con e-child\" data-id=\"0056d47\" data-element_type=\"container\" data-e-type=\"container\">\n\t\t\t\t<div class=\"elementor-element elementor-element-e6e7a09 elementor-widget elementor-widget-image\" data-id=\"e6e7a09\" data-element_type=\"widget\" data-e-type=\"widget\" data-widget_type=\"image.default\">\n\t\t\t\t<div class=\"elementor-widget-container\">\n\t\t\t\t\t\t\t\t\t\t\t\t\t\t\t\t<a href=\"https:\/\/creativabarcelona.com\/influencers\/costurcat\/\">\n\t\t\t\t\t\t\t<img decoding=\"async\" width=\"150\" height=\"150\" src=\"https:\/\/creativabarcelona.com\/wp-content\/uploads\/2024\/10\/influencer2024_costurcat-150x150.jpg\" class=\"attachment-thumbnail size-thumbnail wp-image-18050\" alt=\"Concurs de Costura Creativa|Creativa Barcelona\" srcset=\"https:\/\/creativabarcelona.com\/wp-content\/uploads\/2024\/10\/influencer2024_costurcat-150x150.jpg 150w, https:\/\/creativabarcelona.com\/wp-content\/uploads\/2024\/10\/influencer2024_costurcat-300x300.jpg 300w, https:\/\/creativabarcelona.com\/wp-content\/uploads\/2024\/10\/influencer2024_costurcat.jpg 500w\" sizes=\"(max-width: 150px) 100vw, 150px\" title=\"influencer2024_costurcat.jpg | Creativa Barcelona\" \/>\t\t\t\t\t\t\t\t<\/a>\n\t\t\t\t\t\t\t\t\t\t\t\t\t\t\t<\/div>\n\t\t\t\t<\/div>\n\t\t\t\t<\/div>\n\t\t\t\t\t<\/div>\n\t\t\t\t<\/div>\n\t\t<div class=\"elementor-element elementor-element-adcf9c8 elementor-hidden-desktop elementor-hidden-tablet e-flex e-con-boxed e-con e-parent\" data-id=\"adcf9c8\" data-element_type=\"container\" data-e-type=\"container\">\n\t\t\t\t\t<div class=\"e-con-inner\">\n\t\t<div class=\"elementor-element elementor-element-3fb686a e-con-full e-flex e-con e-child\" data-id=\"3fb686a\" data-element_type=\"container\" data-e-type=\"container\">\n\t\t\t\t<div class=\"elementor-element elementor-element-98a98a1 elementor-widget elementor-widget-image\" data-id=\"98a98a1\" data-element_type=\"widget\" data-e-type=\"widget\" data-widget_type=\"image.default\">\n\t\t\t\t<div class=\"elementor-widget-container\">\n\t\t\t\t\t\t\t\t\t\t\t\t\t\t\t<img fetchpriority=\"high\" decoding=\"async\" width=\"300\" height=\"300\" src=\"https:\/\/creativabarcelona.com\/wp-content\/uploads\/2024\/10\/logo_concurso_costura2-1.png\" class=\"attachment-medium size-medium wp-image-18048\" alt=\"Concurs de Costura Creativa|Creativa Barcelona\" srcset=\"https:\/\/creativabarcelona.com\/wp-content\/uploads\/2024\/10\/logo_concurso_costura2-1.png 300w, https:\/\/creativabarcelona.com\/wp-content\/uploads\/2024\/10\/logo_concurso_costura2-1-150x150.png 150w\" sizes=\"(max-width: 300px) 100vw, 300px\" title=\"logo_concurso_costura2.png | Creativa Barcelona\" \/>\t\t\t\t\t\t\t\t\t\t\t\t\t\t\t<\/div>\n\t\t\t\t<\/div>\n\t\t\t\t<\/div>\n\t\t<div class=\"elementor-element elementor-element-7101bfa e-con-full e-flex e-con e-child\" data-id=\"7101bfa\" data-element_type=\"container\" data-e-type=\"container\">\n\t\t\t\t<div class=\"elementor-element elementor-element-4ffe534 elementor-widget elementor-widget-image\" data-id=\"4ffe534\" data-element_type=\"widget\" data-e-type=\"widget\" data-widget_type=\"image.default\">\n\t\t\t\t<div class=\"elementor-widget-container\">\n\t\t\t\t\t\t\t\t\t\t\t\t\t\t\t\t<a href=\"https:\/\/creativabarcelona.com\/influencers\/armando-skarlett\/\">\n\t\t\t\t\t\t\t<img decoding=\"async\" width=\"150\" height=\"150\" src=\"https:\/\/creativabarcelona.com\/wp-content\/uploads\/2024\/09\/influencer2024_armando_skarlett-1-150x150.jpg\" class=\"attachment-thumbnail size-thumbnail wp-image-16777\" alt=\"Concurs de Costura Creativa|Creativa Barcelona\" srcset=\"https:\/\/creativabarcelona.com\/wp-content\/uploads\/2024\/09\/influencer2024_armando_skarlett-1-150x150.jpg 150w, https:\/\/creativabarcelona.com\/wp-content\/uploads\/2024\/09\/influencer2024_armando_skarlett-1-300x300.jpg 300w, https:\/\/creativabarcelona.com\/wp-content\/uploads\/2024\/09\/influencer2024_armando_skarlett-1.jpg 500w\" sizes=\"(max-width: 150px) 100vw, 150px\" title=\"influencer2024_armando_skarlett.jpg | Creativa Barcelona\" \/>\t\t\t\t\t\t\t\t<\/a>\n\t\t\t\t\t\t\t\t\t\t\t\t\t\t\t<\/div>\n\t\t\t\t<\/div>\n\t\t\t\t<\/div>\n\t\t<div class=\"elementor-element elementor-element-1c23e84 e-con-full e-flex e-con e-child\" data-id=\"1c23e84\" data-element_type=\"container\" data-e-type=\"container\">\n\t\t\t\t<div class=\"elementor-element elementor-element-47605e2 elementor-widget elementor-widget-image\" data-id=\"47605e2\" data-element_type=\"widget\" data-e-type=\"widget\" data-widget_type=\"image.default\">\n\t\t\t\t<div class=\"elementor-widget-container\">\n\t\t\t\t\t\t\t\t\t\t\t\t\t\t\t\t<a href=\"https:\/\/creativabarcelona.com\/influencers\/costurcat\/\">\n\t\t\t\t\t\t\t<img decoding=\"async\" width=\"150\" height=\"150\" src=\"https:\/\/creativabarcelona.com\/wp-content\/uploads\/2024\/10\/influencer2024_costurcat-150x150.jpg\" class=\"attachment-thumbnail size-thumbnail wp-image-18050\" alt=\"Concurs de Costura Creativa|Creativa Barcelona\" srcset=\"https:\/\/creativabarcelona.com\/wp-content\/uploads\/2024\/10\/influencer2024_costurcat-150x150.jpg 150w, https:\/\/creativabarcelona.com\/wp-content\/uploads\/2024\/10\/influencer2024_costurcat-300x300.jpg 300w, https:\/\/creativabarcelona.com\/wp-content\/uploads\/2024\/10\/influencer2024_costurcat.jpg 500w\" sizes=\"(max-width: 150px) 100vw, 150px\" title=\"influencer2024_costurcat.jpg | Creativa Barcelona\" \/>\t\t\t\t\t\t\t\t<\/a>\n\t\t\t\t\t\t\t\t\t\t\t\t\t\t\t<\/div>\n\t\t\t\t<\/div>\n\t\t\t\t<\/div>\n\t\t\t\t\t<\/div>\n\t\t\t\t<\/div>\n\t\t\t\t<section class=\"elementor-section elementor-top-section elementor-element elementor-element-83ef20f elementor-section-boxed elementor-section-height-default elementor-section-height-default\" data-id=\"83ef20f\" data-element_type=\"section\" data-e-type=\"section\">\n\t\t\t\t\t\t<div class=\"elementor-container elementor-column-gap-default\">\n\t\t\t\t\t<div class=\"elementor-column elementor-col-100 elementor-top-column elementor-element elementor-element-3eae5f5\" data-id=\"3eae5f5\" data-element_type=\"column\" data-e-type=\"column\">\n\t\t\t<div class=\"elementor-widget-wrap elementor-element-populated\">\n\t\t\t\t\t\t<div class=\"elementor-element elementor-element-e9ab40a elementor-widget elementor-widget-heading\" data-id=\"e9ab40a\" data-element_type=\"widget\" data-e-type=\"widget\" data-widget_type=\"heading.default\">\n\t\t\t\t<div class=\"elementor-widget-container\">\n\t\t\t\t\t<h2 class=\"elementor-heading-title elementor-size-default\">Concurs de Costura Creativa <br> amb Costurcat &amp; Skarlett Costura<\/h2>\t\t\t\t<\/div>\n\t\t\t\t<\/div>\n\t\t\t\t<div class=\"elementor-element elementor-element-4727072 elementor-widget elementor-widget-heading\" data-id=\"4727072\" data-element_type=\"widget\" data-e-type=\"widget\" data-widget_type=\"heading.default\">\n\t\t\t\t<div class=\"elementor-widget-container\">\n\t\t\t\t\t<h5 class=\"elementor-heading-title elementor-size-default\"><b>Divendres, 8 de novembre de 2024.<\/b><\/h5>\t\t\t\t<\/div>\n\t\t\t\t<\/div>\n\t\t\t\t<div class=\"elementor-element elementor-element-8795034 elementor-widget elementor-widget-text-editor\" data-id=\"8795034\" data-element_type=\"widget\" data-e-type=\"widget\" data-widget_type=\"text-editor.default\">\n\t\t\t\t<div class=\"elementor-widget-container\">\n\t\t\t\t\t\t\t\t\t<p style=\"text-align: center;\"><strong>Benvinguts al Concurs EN PARELLES de Costura Creativa de Creativa Barcelona!<\/strong><br \/>Un esdeveniment emocionant on la creativitat i l&#8217;habilitat s&#8217;uneixen per donar vida a projectes incre\u00efbles. Aquest concurs est\u00e0 dissenyat per a amants de la costura i les manualitats i ofereix una oportunitat \u00fanica de mostrar el seu talent en un ambient divertit i din\u00e0mic<\/p>\t\t\t\t\t\t\t\t<\/div>\n\t\t\t\t<\/div>\n\t\t\t\t\t<\/div>\n\t\t<\/div>\n\t\t\t\t\t<\/div>\n\t\t<\/section>\n\t\t<div class=\"elementor-element elementor-element-ce40a89 e-flex e-con-boxed e-con e-parent\" data-id=\"ce40a89\" data-element_type=\"container\" data-e-type=\"container\">\n\t\t\t\t\t<div class=\"e-con-inner\">\n\t\t<div class=\"elementor-element elementor-element-65142b8 e-con-full e-flex e-con e-child\" data-id=\"65142b8\" data-element_type=\"container\" data-e-type=\"container\" data-settings=\"{&quot;background_background&quot;:&quot;classic&quot;}\">\n\t\t\t\t<div class=\"elementor-element elementor-element-8f56c15 elementor-widget-divider--view-line elementor-widget elementor-widget-divider\" data-id=\"8f56c15\" data-element_type=\"widget\" data-e-type=\"widget\" data-widget_type=\"divider.default\">\n\t\t\t\t<div class=\"elementor-widget-container\">\n\t\t\t\t\t\t\t<div class=\"elementor-divider\">\n\t\t\t<span class=\"elementor-divider-separator\">\n\t\t\t\t\t\t<\/span>\n\t\t<\/div>\n\t\t\t\t\t\t<\/div>\n\t\t\t\t<\/div>\n\t\t\t\t<div class=\"elementor-element elementor-element-e2c4adf elementor-widget elementor-widget-heading\" data-id=\"e2c4adf\" data-element_type=\"widget\" data-e-type=\"widget\" data-widget_type=\"heading.default\">\n\t\t\t\t<div class=\"elementor-widget-container\">\n\t\t\t\t\t<h4 class=\"elementor-heading-title elementor-size-default\"><b>En quines proves consisteix?<\/b><\/h4>\t\t\t\t<\/div>\n\t\t\t\t<\/div>\n\t\t\t\t<\/div>\n\t\t<div class=\"elementor-element elementor-element-91249b9 e-con-full e-flex e-con e-child\" data-id=\"91249b9\" data-element_type=\"container\" data-e-type=\"container\" data-settings=\"{&quot;background_background&quot;:&quot;classic&quot;}\">\n\t\t\t\t<div class=\"elementor-element elementor-element-97550c7 elementor-widget elementor-widget-text-editor\" data-id=\"97550c7\" data-element_type=\"widget\" data-e-type=\"widget\" data-widget_type=\"text-editor.default\">\n\t\t\t\t<div class=\"elementor-widget-container\">\n\t\t\t\t\t\t\t\t\t<p style=\"text-align: center; color: #dc5a7c; margin: 0;\"><strong>PROVA 1<\/strong><\/p>\n\n<h5 style=\"text-align: center; margin: 0 !important;\">T\u00e8cniques Express<\/h5>\n<p style=\"text-align: center; margin: 0;\"><strong>(10:30h a 12:00h aprox.)<\/strong><\/p>\t\t\t\t\t\t\t\t<\/div>\n\t\t\t\t<\/div>\n\t\t\t\t<div class=\"elementor-element elementor-element-6fffeff elementor-widget elementor-widget-text-editor\" data-id=\"6fffeff\" data-element_type=\"widget\" data-e-type=\"widget\" data-widget_type=\"text-editor.default\">\n\t\t\t\t<div class=\"elementor-widget-container\">\n\t\t\t\t\t\t\t\t\t<p style=\"text-align: center;\">Les parelles crearan una borsa utilitzant diverses t\u00e8cniques de costura. Podeu triar un ajudant del p\u00fablic perqu\u00e8 us ajudi en alguna t\u00e8cnica en concret!<\/p>\t\t\t\t\t\t\t\t<\/div>\n\t\t\t\t<\/div>\n\t\t\t\t<\/div>\n\t\t<div class=\"elementor-element elementor-element-38ae77a e-con-full e-flex e-con e-child\" data-id=\"38ae77a\" data-element_type=\"container\" data-e-type=\"container\" data-settings=\"{&quot;background_background&quot;:&quot;classic&quot;}\">\n\t\t\t\t<div class=\"elementor-element elementor-element-4125713 elementor-widget elementor-widget-text-editor\" data-id=\"4125713\" data-element_type=\"widget\" data-e-type=\"widget\" data-widget_type=\"text-editor.default\">\n\t\t\t\t<div class=\"elementor-widget-container\">\n\t\t\t\t\t\t\t\t\t<p style=\"text-align: center; color: #dc5a7c; margin: 0;\"><strong>PROVA 2<\/strong><\/p><h5 style=\"text-align: center; margin: 0 !important;\">XINA<\/h5><p style=\"text-align: center; margin: 0;\"><strong>(12:30h a 14:00h aprox.)<\/strong><\/p>\t\t\t\t\t\t\t\t<\/div>\n\t\t\t\t<\/div>\n\t\t\t\t<div class=\"elementor-element elementor-element-376aa89 elementor-widget elementor-widget-text-editor\" data-id=\"376aa89\" data-element_type=\"widget\" data-e-type=\"widget\" data-widget_type=\"text-editor.default\">\n\t\t\t\t<div class=\"elementor-widget-container\">\n\t\t\t\t\t\t\t\t\t<p style=\"text-align: center;\">Inspireu-vos en la rica cultura xinesa i creeu una pe\u00e7a que reflecteixi la seva ess\u00e8ncia. Un membre del p\u00fablic desfilar\u00e0 amb la vostra creaci\u00f3.<\/p>\t\t\t\t\t\t\t\t<\/div>\n\t\t\t\t<\/div>\n\t\t\t\t<\/div>\n\t\t<div class=\"elementor-element elementor-element-d8411dc e-con-full e-flex e-con e-child\" data-id=\"d8411dc\" data-element_type=\"container\" data-e-type=\"container\" data-settings=\"{&quot;background_background&quot;:&quot;classic&quot;}\">\n\t\t\t\t<div class=\"elementor-element elementor-element-afab9f2 elementor-widget elementor-widget-text-editor\" data-id=\"afab9f2\" data-element_type=\"widget\" data-e-type=\"widget\" data-widget_type=\"text-editor.default\">\n\t\t\t\t<div class=\"elementor-widget-container\">\n\t\t\t\t\t\t\t\t\t<p style=\"text-align: center; color: #dc5a7c; margin: 0;\"><strong>PROVA 3<\/strong><\/p><h5 style=\"text-align: center; margin: 0 !important;\">Tuneig<\/h5><p style=\"text-align: center; margin: 0;\"><strong>(15:30h a 17:00h aprox.)<\/strong><\/p>\t\t\t\t\t\t\t\t<\/div>\n\t\t\t\t<\/div>\n\t\t\t\t<div class=\"elementor-element elementor-element-c364e9d elementor-widget elementor-widget-text-editor\" data-id=\"c364e9d\" data-element_type=\"widget\" data-e-type=\"widget\" data-widget_type=\"text-editor.default\">\n\t\t\t\t<div class=\"elementor-widget-container\">\n\t\t\t\t\t\t\t\t\t<p style=\"text-align: center;\">Doneu un nou estil a peces de roba que seleccioneu i utilitzeu materials variats per a transformar la vostra pe\u00e7a en una obra mestra.<\/p>\t\t\t\t\t\t\t\t<\/div>\n\t\t\t\t<\/div>\n\t\t\t\t<\/div>\n\t\t<div class=\"elementor-element elementor-element-c22160b e-con-full e-flex e-con e-child\" data-id=\"c22160b\" data-element_type=\"container\" data-e-type=\"container\" data-settings=\"{&quot;background_background&quot;:&quot;classic&quot;}\">\n\t\t\t\t<div class=\"elementor-element elementor-element-5d19698 elementor-widget elementor-widget-text-editor\" data-id=\"5d19698\" data-element_type=\"widget\" data-e-type=\"widget\" data-widget_type=\"text-editor.default\">\n\t\t\t\t<div class=\"elementor-widget-container\">\n\t\t\t\t\t\t\t\t\t<p style=\"text-align: center; color: #dc5a7c; margin: 0;\"><strong>PROVA 4<\/strong><\/p><h5 style=\"text-align: center; margin: 0 !important;\">Costura compartida<\/h5><p style=\"text-align: center; margin: 0;\"><strong>(17:30h a 18:30h aprox.)<\/strong><\/p>\t\t\t\t\t\t\t\t<\/div>\n\t\t\t\t<\/div>\n\t\t\t\t<div class=\"elementor-element elementor-element-c78f86b elementor-widget elementor-widget-text-editor\" data-id=\"c78f86b\" data-element_type=\"widget\" data-e-type=\"widget\" data-widget_type=\"text-editor.default\">\n\t\t\t\t<div class=\"elementor-widget-container\">\n\t\t\t\t\t\t\t\t\t<p style=\"text-align: center;\">Tots els membres d\u00b4un equip col\u00b7laboraran per cosir un projecte en conjunt. El treball en equip ser\u00e0 clau!<\/p>\t\t\t\t\t\t\t\t<\/div>\n\t\t\t\t<\/div>\n\t\t\t\t<\/div>\n\t\t<div class=\"elementor-element elementor-element-93ba105 e-con-full e-flex e-con e-child\" data-id=\"93ba105\" data-element_type=\"container\" data-e-type=\"container\" data-settings=\"{&quot;background_background&quot;:&quot;classic&quot;}\">\n\t\t\t\t<div class=\"elementor-element elementor-element-4d0c822 elementor-widget elementor-widget-text-editor\" data-id=\"4d0c822\" data-element_type=\"widget\" data-e-type=\"widget\" data-widget_type=\"text-editor.default\">\n\t\t\t\t<div class=\"elementor-widget-container\">\n\t\t\t\t\t\t\t\t\t<p style=\"text-align: center;\"><strong>Les parelles s&#8217;agruparan en dos equips per competir a les diferents proves.<\/strong><\/p><p style=\"text-align: center;\"><strong>Cada parella seleccionada participar\u00e0 en una de les tres primeres proves i en la prova final, Costura Compartida, en cas de ser-hi present<\/strong><\/p>\t\t\t\t\t\t\t\t<\/div>\n\t\t\t\t<\/div>\n\t\t\t\t<\/div>\n\t\t<div class=\"elementor-element elementor-element-43c4e5c e-con-full e-flex e-con e-child\" data-id=\"43c4e5c\" data-element_type=\"container\" data-e-type=\"container\" data-settings=\"{&quot;background_background&quot;:&quot;classic&quot;}\">\n\t\t\t\t<div class=\"elementor-element elementor-element-3fd5df4 elementor-widget-divider--view-line elementor-widget elementor-widget-divider\" data-id=\"3fd5df4\" data-element_type=\"widget\" data-e-type=\"widget\" data-widget_type=\"divider.default\">\n\t\t\t\t<div class=\"elementor-widget-container\">\n\t\t\t\t\t\t\t<div class=\"elementor-divider\">\n\t\t\t<span class=\"elementor-divider-separator\">\n\t\t\t\t\t\t<\/span>\n\t\t<\/div>\n\t\t\t\t\t\t<\/div>\n\t\t\t\t<\/div>\n\t\t\t\t<\/div>\n\t\t\t\t\t<\/div>\n\t\t\t\t<\/div>\n\t\t<div class=\"elementor-element elementor-element-d538eb3 e-flex e-con-boxed e-con e-parent\" data-id=\"d538eb3\" data-element_type=\"container\" data-e-type=\"container\">\n\t\t\t\t\t<div class=\"e-con-inner\">\n\t\t<div class=\"elementor-element elementor-element-b95d695 e-con-full e-flex e-con e-child\" data-id=\"b95d695\" data-element_type=\"container\" data-e-type=\"container\" data-settings=\"{&quot;background_background&quot;:&quot;classic&quot;}\">\n\t\t\t\t<div class=\"elementor-element elementor-element-79bfee8 elementor-widget elementor-widget-heading\" data-id=\"79bfee8\" data-element_type=\"widget\" data-e-type=\"widget\" data-widget_type=\"heading.default\">\n\t\t\t\t<div class=\"elementor-widget-container\">\n\t\t\t\t\t<h4 class=\"elementor-heading-title elementor-size-default\">Jurat<\/h4>\t\t\t\t<\/div>\n\t\t\t\t<\/div>\n\t\t\t\t<div class=\"elementor-element elementor-element-d5228c2 elementor-widget elementor-widget-text-editor\" data-id=\"d5228c2\" data-element_type=\"widget\" data-e-type=\"widget\" data-widget_type=\"text-editor.default\">\n\t\t\t\t<div class=\"elementor-widget-container\">\n\t\t\t\t\t\t\t\t\t<p>El jurat estar\u00e0 compost per <strong>Armando Skarlett<\/strong> com a jurat d&#8217;honor a les \u00faltimes dues proves, juntament amb altres experts en costura i manualitats i art xin\u00e8s els qui avaluaran les creacions en funci\u00f3 dels criteris establerts per a cada prova.<\/p>\t\t\t\t\t\t\t\t<\/div>\n\t\t\t\t<\/div>\n\t\t\t\t<\/div>\n\t\t<div class=\"elementor-element elementor-element-2b29be1 e-con-full e-flex e-con e-child\" data-id=\"2b29be1\" data-element_type=\"container\" data-e-type=\"container\" data-settings=\"{&quot;background_background&quot;:&quot;classic&quot;}\">\n\t\t\t\t<div class=\"elementor-element elementor-element-f9c6405 elementor-widget elementor-widget-heading\" data-id=\"f9c6405\" data-element_type=\"widget\" data-e-type=\"widget\" data-widget_type=\"heading.default\">\n\t\t\t\t<div class=\"elementor-widget-container\">\n\t\t\t\t\t<h4 class=\"elementor-heading-title elementor-size-default\">Premis<\/h4>\t\t\t\t<\/div>\n\t\t\t\t<\/div>\n\t\t\t\t<div class=\"elementor-element elementor-element-11030f8 elementor-widget elementor-widget-text-editor\" data-id=\"11030f8\" data-element_type=\"widget\" data-e-type=\"widget\" data-widget_type=\"text-editor.default\">\n\t\t\t\t<div class=\"elementor-widget-container\">\n\t\t\t\t\t\t\t\t\t<p>Per a tots els participants de l&#8217;equip guanyador:<br \/><strong>una entrada gratu\u00efta per a l&#8217;edici\u00f3 del 2025<\/strong>.<\/p><p>Per a la parella que m\u00e9s sobresurti:<br \/><strong>una cistella regal amb productes i descomptes dels diferents expositors<\/strong>.<\/p>\t\t\t\t\t\t\t\t<\/div>\n\t\t\t\t<\/div>\n\t\t\t\t<\/div>\n\t\t<div class=\"elementor-element elementor-element-52f7b24 e-con-full e-flex e-con e-child\" data-id=\"52f7b24\" data-element_type=\"container\" data-e-type=\"container\" data-settings=\"{&quot;background_background&quot;:&quot;classic&quot;}\">\n\t\t\t\t<div class=\"elementor-element elementor-element-c65068e elementor-widget elementor-widget-heading\" data-id=\"c65068e\" data-element_type=\"widget\" data-e-type=\"widget\" data-widget_type=\"heading.default\">\n\t\t\t\t<div class=\"elementor-widget-container\">\n\t\t\t\t\t<h4 class=\"elementor-heading-title elementor-size-default\">Com participar-hi?<\/h4>\t\t\t\t<\/div>\n\t\t\t\t<\/div>\n\t\t\t\t<div class=\"elementor-element elementor-element-2597b36 elementor-widget elementor-widget-text-editor\" data-id=\"2597b36\" data-element_type=\"widget\" data-e-type=\"widget\" data-widget_type=\"text-editor.default\">\n\t\t\t\t<div class=\"elementor-widget-container\">\n\t\t\t\t\t\t\t\t\t<p>Si teniu passi\u00f3 per la costura i voleu unir-vos a aquesta emocionant aventura, si us plau empleneu el formulari d&#8217;inscripci\u00f3 al final de la p\u00e0gina <strong>abans del diumenge 27 d&#8217;octubre de 2024.<\/strong><\/p><p><strong>Nota:<\/strong> Tamb\u00e9 et pots inscriure de manera individual. Algunes parelles es formaran a partir de participants individuals, aix\u00ed que no dubtis a apuntar-te.<\/p>\t\t\t\t\t\t\t\t<\/div>\n\t\t\t\t<\/div>\n\t\t\t\t<div class=\"elementor-element elementor-element-1918d7c elementor-widget elementor-widget-button\" data-id=\"1918d7c\" data-element_type=\"widget\" data-e-type=\"widget\" data-widget_type=\"button.default\">\n\t\t\t\t<div class=\"elementor-widget-container\">\n\t\t\t\t\t\t\t\t\t<div class=\"elementor-button-wrapper\">\n\t\t\t\t\t<a class=\"elementor-button elementor-button-link elementor-size-sm\" href=\"https:\/\/creativabarcelona.com\/bases_concurso_costura_creativa_2024.pdf\" target=\"_blank\">\n\t\t\t\t\t\t<span class=\"elementor-button-content-wrapper\">\n\t\t\t\t\t\t\t\t\t<span class=\"elementor-button-text\">Bases dels concurs<\/span>\n\t\t\t\t\t<\/span>\n\t\t\t\t\t<\/a>\n\t\t\t\t<\/div>\n\t\t\t\t\t\t\t\t<\/div>\n\t\t\t\t<\/div>\n\t\t\t\t<div class=\"elementor-element elementor-element-c33fbff elementor-widget elementor-widget-button\" data-id=\"c33fbff\" data-element_type=\"widget\" data-e-type=\"widget\" data-widget_type=\"button.default\">\n\t\t\t\t<div class=\"elementor-widget-container\">\n\t\t\t\t\t\t\t\t\t<div class=\"elementor-button-wrapper\">\n\t\t\t\t\t<a class=\"elementor-button elementor-button-link elementor-size-sm\" href=\"#formulario_participacion\">\n\t\t\t\t\t\t<span class=\"elementor-button-content-wrapper\">\n\t\t\t\t\t\t\t\t\t<span class=\"elementor-button-text\">Formulari d'inscripci\u00f3<\/span>\n\t\t\t\t\t<\/span>\n\t\t\t\t\t<\/a>\n\t\t\t\t<\/div>\n\t\t\t\t\t\t\t\t<\/div>\n\t\t\t\t<\/div>\n\t\t\t\t<\/div>\n\t\t<div class=\"elementor-element elementor-element-7875aec e-con-full e-flex e-con e-child\" data-id=\"7875aec\" data-element_type=\"container\" data-e-type=\"container\" data-settings=\"{&quot;background_background&quot;:&quot;classic&quot;}\">\n\t\t\t\t<div class=\"elementor-element elementor-element-5f5eb63 elementor-widget elementor-widget-heading\" data-id=\"5f5eb63\" data-element_type=\"widget\" data-e-type=\"widget\" data-widget_type=\"heading.default\">\n\t\t\t\t<div class=\"elementor-widget-container\">\n\t\t\t\t\t<h4 class=\"elementor-heading-title elementor-size-default\">Criteri de Selecci\u00f3<\/h4>\t\t\t\t<\/div>\n\t\t\t\t<\/div>\n\t\t\t\t<div class=\"elementor-element elementor-element-d9e3abf elementor-widget elementor-widget-text-editor\" data-id=\"d9e3abf\" data-element_type=\"widget\" data-e-type=\"widget\" data-widget_type=\"text-editor.default\">\n\t\t\t\t<div class=\"elementor-widget-container\">\n\t\t\t\t\t\t\t\t\t<p>La selecci\u00f3 de participants es basar\u00e0 en l&#8217;entusiasme i les habilitats que expresseu a la vostra sol\u00b7licitud, aix\u00ed com en el que pugueu aportar al concurs.<br \/>A m\u00e9s, obrirem un <strong>proc\u00e9s de votaci\u00f3 a la nostra web del 28 d&#8217;octubre a les 16:00h fins al diumenge 3 de novembre a les 24:00h<\/strong> perqu\u00e8 el p\u00fablic pugui participar en l&#8217;elecci\u00f3 d&#8217;alguns concursants destacats .<strong> No oblideu animar tots els vostres amics a votar per vosaltres!<\/strong><\/p><p><strong>El 4 de novembre farem oficials els participants al concurs!<\/strong><\/p>\t\t\t\t\t\t\t\t<\/div>\n\t\t\t\t<\/div>\n\t\t\t\t<\/div>\n\t\t<div class=\"elementor-element elementor-element-e7ca780 e-con-full e-flex e-con e-child\" data-id=\"e7ca780\" data-element_type=\"container\" data-e-type=\"container\" data-settings=\"{&quot;background_background&quot;:&quot;classic&quot;}\">\n\t\t\t\t<div class=\"elementor-element elementor-element-e2d3fe9 elementor-widget-divider--view-line elementor-widget elementor-widget-divider\" data-id=\"e2d3fe9\" data-element_type=\"widget\" data-e-type=\"widget\" data-widget_type=\"divider.default\">\n\t\t\t\t<div class=\"elementor-widget-container\">\n\t\t\t\t\t\t\t<div class=\"elementor-divider\">\n\t\t\t<span class=\"elementor-divider-separator\">\n\t\t\t\t\t\t<\/span>\n\t\t<\/div>\n\t\t\t\t\t\t<\/div>\n\t\t\t\t<\/div>\n\t\t\t\t<div class=\"elementor-element elementor-element-8729c8d elementor-widget elementor-widget-heading\" data-id=\"8729c8d\" data-element_type=\"widget\" data-e-type=\"widget\" data-widget_type=\"heading.default\">\n\t\t\t\t<div class=\"elementor-widget-container\">\n\t\t\t\t\t<h5 class=\"elementor-heading-title elementor-size-default\">No perdue l'oportunitat de demostrar el vostre talent i ser part d'aquesta experi\u00e8ncia \u00fanica! <br>\nUs esperem el divendres 8 de novembre a Creativa Barcelona.<\/h5>\t\t\t\t<\/div>\n\t\t\t\t<\/div>\n\t\t\t\t<\/div>\n\t\t\t\t\t<\/div>\n\t\t\t\t<\/div>\n\t\t<div class=\"elementor-element elementor-element-29c609f e-flex e-con-boxed e-con e-parent\" data-id=\"29c609f\" data-element_type=\"container\" data-e-type=\"container\" id=\"formulario_participacion\">\n\t\t\t\t\t<div class=\"e-con-inner\">\n\t\t<div class=\"elementor-element elementor-element-cc7dc00 e-con-full e-flex e-con e-child\" data-id=\"cc7dc00\" data-element_type=\"container\" data-e-type=\"container\" data-settings=\"{&quot;background_background&quot;:&quot;classic&quot;}\">\n\t\t\t\t<div class=\"elementor-element elementor-element-fd276e3 elementor-widget-divider--view-line elementor-widget elementor-widget-divider\" data-id=\"fd276e3\" data-element_type=\"widget\" data-e-type=\"widget\" data-widget_type=\"divider.default\">\n\t\t\t\t<div class=\"elementor-widget-container\">\n\t\t\t\t\t\t\t<div class=\"elementor-divider\">\n\t\t\t<span class=\"elementor-divider-separator\">\n\t\t\t\t\t\t<\/span>\n\t\t<\/div>\n\t\t\t\t\t\t<\/div>\n\t\t\t\t<\/div>\n\t\t\t\t<div class=\"elementor-element elementor-element-6fac38b elementor-widget elementor-widget-heading\" data-id=\"6fac38b\" data-element_type=\"widget\" data-e-type=\"widget\" data-widget_type=\"heading.default\">\n\t\t\t\t<div class=\"elementor-widget-container\">\n\t\t\t\t\t<h4 class=\"elementor-heading-title elementor-size-default\"><b>Formulari d'inscripci\u00f3n<\/b><\/h4>\t\t\t\t<\/div>\n\t\t\t\t<\/div>\n\t\t\t\t<div class=\"elementor-element elementor-element-bb9310e elementor-widget elementor-widget-text-editor\" data-id=\"bb9310e\" data-element_type=\"widget\" data-e-type=\"widget\" data-widget_type=\"text-editor.default\">\n\t\t\t\t<div class=\"elementor-widget-container\">\n\t\t\t\t\t\t\t\t\t<p style=\"text-align: center; color: #dc5a7c; margin: 0;\"><strong>Data l\u00edmit diumenge 27 d&#8217;octubre de 2024<\/strong><\/p>\t\t\t\t\t\t\t\t<\/div>\n\t\t\t\t<\/div>\n\t\t\t\t<div class=\"elementor-element elementor-element-208fb67 elementor-widget elementor-widget-text-editor\" data-id=\"208fb67\" data-element_type=\"widget\" data-e-type=\"widget\" data-widget_type=\"text-editor.default\">\n\t\t\t\t<div class=\"elementor-widget-container\">\n\t\t\t\t\t\t\t\t\t<p style=\"text-align: center;\">Recorda que tamb\u00e9 et pots inscriure de manera individual.<br \/>Algunes parelles es formaran a partir de participants individuals, aix\u00ed que no dubtis a apuntar-te.<\/p>\t\t\t\t\t\t\t\t<\/div>\n\t\t\t\t<\/div>\n\t\t\t\t<\/div>\n\t\t<div class=\"elementor-element elementor-element-3bb8375 e-con-full e-flex e-con e-child\" data-id=\"3bb8375\" data-element_type=\"container\" data-e-type=\"container\" data-settings=\"{&quot;background_background&quot;:&quot;classic&quot;}\">\n\t\t\t\t<div class=\"elementor-element elementor-element-fa7452b elementor-button-align-stretch elementor-widget elementor-widget-form\" data-id=\"fa7452b\" data-element_type=\"widget\" data-e-type=\"widget\" data-settings=\"{&quot;step_next_label&quot;:&quot;Siguiente&quot;,&quot;step_previous_label&quot;:&quot;Anterior&quot;,&quot;button_width&quot;:&quot;100&quot;,&quot;step_type&quot;:&quot;number_text&quot;,&quot;step_icon_shape&quot;:&quot;circle&quot;}\" data-widget_type=\"form.default\">\n\t\t\t\t<div class=\"elementor-widget-container\">\n\t\t\t\t\t\t\t<form class=\"elementor-form\" method=\"post\" id=\"consurso_costura\" name=\"Concurso costura\" aria-label=\"Concurso costura\">\n\t\t\t<input type=\"hidden\" name=\"post_id\" value=\"17806\"\/>\n\t\t\t<input type=\"hidden\" name=\"form_id\" value=\"fa7452b\"\/>\n\t\t\t<input type=\"hidden\" name=\"referer_title\" value=\"Concurs de Costura Creativa - Creativa Barcelona\" \/>\n\n\t\t\t\t\t\t\t<input type=\"hidden\" name=\"queried_id\" value=\"17806\"\/>\n\t\t\t\n\t\t\t<div class=\"elementor-form-fields-wrapper elementor-labels-above\">\n\t\t\t\t\t\t\t\t<div class=\"elementor-field-type-html elementor-field-group elementor-column elementor-field-group-field_243ad08 elementor-col-100\">\n\t\t\t\t\t<h5 style=margin:0 !important;>Dades dels\/ les participants<\/h5>\t\t\t\t<\/div>\n\t\t\t\t\t\t\t\t<div class=\"elementor-field-type-text elementor-field-group elementor-column elementor-field-group-participante_1 elementor-col-50 elementor-field-required elementor-mark-required\">\n\t\t\t\t\t\t\t\t\t\t\t\t<label for=\"form-field-participante_1\" class=\"elementor-field-label\">\n\t\t\t\t\t\t\t\tNom i cognom participant 1\t\t\t\t\t\t\t<\/label>\n\t\t\t\t\t\t\t\t\t\t\t\t\t\t<input size=\"1\" type=\"text\" name=\"form_fields[participante_1]\" id=\"form-field-participante_1\" class=\"elementor-field elementor-size-md  elementor-field-textual\" placeholder=\"Nom i cognom participant 1\" required=\"required\">\n\t\t\t\t\t\t\t\t\t\t\t<\/div>\n\t\t\t\t\t\t\t\t<div class=\"elementor-field-type-text elementor-field-group elementor-column elementor-field-group-participante_2 elementor-col-50\">\n\t\t\t\t\t\t\t\t\t\t\t\t<label for=\"form-field-participante_2\" class=\"elementor-field-label\">\n\t\t\t\t\t\t\t\tNom i cognom participant 2\t\t\t\t\t\t\t<\/label>\n\t\t\t\t\t\t\t\t\t\t\t\t\t\t<input size=\"1\" type=\"text\" name=\"form_fields[participante_2]\" id=\"form-field-participante_2\" class=\"elementor-field elementor-size-md  elementor-field-textual\" placeholder=\"Nom i cognom participant 2\">\n\t\t\t\t\t\t\t\t\t\t\t<\/div>\n\t\t\t\t\t\t\t\t<div class=\"elementor-field-type-email elementor-field-group elementor-column elementor-field-group-email elementor-col-100 elementor-field-required elementor-mark-required\">\n\t\t\t\t\t\t\t\t\t\t\t\t<label for=\"form-field-email\" class=\"elementor-field-label\">\n\t\t\t\t\t\t\t\tCorreu electr\u00f2nic de contacte\t\t\t\t\t\t\t<\/label>\n\t\t\t\t\t\t\t\t\t\t\t\t\t\t<input size=\"1\" type=\"email\" name=\"form_fields[email]\" id=\"form-field-email\" class=\"elementor-field elementor-size-md  elementor-field-textual\" placeholder=\"Correo electr\u00f3nico\" required=\"required\">\n\t\t\t\t\t\t\t\t\t\t\t<\/div>\n\t\t\t\t\t\t\t\t<div class=\"elementor-field-type-html elementor-field-group elementor-column elementor-field-group-field_dfe1a44 elementor-col-100\">\n\t\t\t\t\t<div style=\"with:100%; border-bottom: 1px solid #DC5A7C; margin: 20px 0px\"><\/div>\n<h5 style=margin:0 !important;>Fotografia de tots dos participants<\/h5>\n<p style=\"font-size:14px; line-height:22px\"><em>(tingueu en compte que aquesta imatge podria ser publicada a les nostres xarxes socials o a la web, aix\u00ed que assegureu-vos que estiguin d'acord). <\/em><\/p>\t\t\t\t<\/div>\n\t\t\t\t\t\t\t\t<div class=\"elementor-field-type-upload elementor-field-group elementor-column elementor-field-group-fotografia elementor-col-100 elementor-field-required elementor-mark-required\">\n\t\t\t\t\t\t\t\t\t\t\t\t<label for=\"form-field-fotografia\" class=\"elementor-field-label\">\n\t\t\t\t\t\t\t\t<strong>Adjuntar fotografia<\/strong>\t\t\t\t\t\t\t<\/label>\n\t\t\t\t\t\t\t\t<input type=\"file\" name=\"form_fields[fotografia]\" id=\"form-field-fotografia\" class=\"elementor-field elementor-size-md  elementor-upload-field\" required=\"required\" data-maxsize=\"2\" data-maxsize-message=\"This file exceeds the maximum allowed size.\">\n\n\t\t\t\t\t\t<\/div>\n\t\t\t\t\t\t\t\t<div class=\"elementor-field-type-html elementor-field-group elementor-column elementor-field-group-field_692ff51 elementor-col-100\">\n\t\t\t\t\t<p style=\"font-size:12px; line-height:22px\">Pes m\u00e0xim: 2Mb \/ formats permesos: jpg, jpeg, png, pdf, gif <\/p>\t\t\t\t<\/div>\n\t\t\t\t\t\t\t\t<div class=\"elementor-field-type-html elementor-field-group elementor-column elementor-field-group-field_9f325ca elementor-col-100\">\n\t\t\t\t\t<div style=\"with:100%; border-bottom: 1px solid #DC5A7C; margin: 20px 0px\"><\/div>\n<h5 style=margin:0 !important;>Explica'ns qu\u00e8 aportar\u00e0s a l'esdeveniment!<\/h5>\n<p style=\"font-size:14px; line-height:22px\">Un text breu sobre les teves aficions relacionades amb les manualitats i per qu\u00e8 vols participar en el concurs. <\/p>\t\t\t\t<\/div>\n\t\t\t\t\t\t\t\t<div class=\"elementor-field-type-textarea elementor-field-group elementor-column elementor-field-group-mensaje elementor-col-100 elementor-field-required elementor-mark-required\">\n\t\t\t\t\t\t\t\t\t\t\t\t<label for=\"form-field-mensaje\" class=\"elementor-field-label\">\n\t\t\t\t\t\t\t\tMissatge\t\t\t\t\t\t\t<\/label>\n\t\t\t\t\t\t<textarea class=\"elementor-field-textual elementor-field  elementor-size-md\" name=\"form_fields[mensaje]\" id=\"form-field-mensaje\" rows=\"4\" placeholder=\"Missatge\" required=\"required\"><\/textarea>\t\t\t\t<\/div>\n\t\t\t\t\t\t\t\t<div class=\"elementor-field-type-html elementor-field-group elementor-column elementor-field-group-field_f354612 elementor-col-100\">\n\t\t\t\t\t<div style=\"with:100%; border-bottom: 1px solid #DC5A7C; margin: 20px 0px\"><\/div>\n<h5 style=margin:0 !important;>Indiqueu a quines proves podrieu assistir. <\/h5>\n<p style=\"font-size:14px; line-height:22px\">Com m\u00e9s proves pugueu assistir millor! <\/p>\t\t\t\t<\/div>\n\t\t\t\t\t\t\t\t<div class=\"elementor-field-type-checkbox elementor-field-group elementor-column elementor-field-group-expres elementor-col-100\">\n\t\t\t\t\t<div class=\"elementor-field-subgroup  \"><span class=\"elementor-field-option\"><input type=\"checkbox\" value=\"T\u00e9cnicas Express\" id=\"form-field-expres-0\" name=\"form_fields[expres]\"> <label for=\"form-field-expres-0\">T\u00e9cnicas Express<\/label><\/span><\/div>\t\t\t\t<\/div>\n\t\t\t\t\t\t\t\t<div class=\"elementor-field-type-checkbox elementor-field-group elementor-column elementor-field-group-china elementor-col-100\">\n\t\t\t\t\t<div class=\"elementor-field-subgroup  \"><span class=\"elementor-field-option\"><input type=\"checkbox\" value=\"China\" id=\"form-field-china-0\" name=\"form_fields[china]\"> <label for=\"form-field-china-0\">China<\/label><\/span><\/div>\t\t\t\t<\/div>\n\t\t\t\t\t\t\t\t<div class=\"elementor-field-type-checkbox elementor-field-group elementor-column elementor-field-group-tuneo elementor-col-100\">\n\t\t\t\t\t<div class=\"elementor-field-subgroup  \"><span class=\"elementor-field-option\"><input type=\"checkbox\" value=\"Tuneo\" id=\"form-field-tuneo-0\" name=\"form_fields[tuneo]\"> <label for=\"form-field-tuneo-0\">Tuneo<\/label><\/span><\/div>\t\t\t\t<\/div>\n\t\t\t\t\t\t\t\t<div class=\"elementor-field-type-checkbox elementor-field-group elementor-column elementor-field-group-compartida elementor-col-100\">\n\t\t\t\t\t<div class=\"elementor-field-subgroup  \"><span class=\"elementor-field-option\"><input type=\"checkbox\" value=\"Costura Compartida\" id=\"form-field-compartida-0\" name=\"form_fields[compartida]\"> <label for=\"form-field-compartida-0\">Costura Compartida<\/label><\/span><\/div>\t\t\t\t<\/div>\n\t\t\t\t\t\t\t\t<div class=\"elementor-field-type-html elementor-field-group elementor-column elementor-field-group-field_91d46fa elementor-col-100\">\n\t\t\t\t\t<div style=\"with:100%; border-bottom: 1px solid #DC5A7C; margin: 20px 0px\"><\/div>\n\t\t\t\t<\/div>\n\t\t\t\t\t\t\t\t<div class=\"elementor-field-type-acceptance elementor-field-group elementor-column elementor-field-group-legal elementor-col-100 elementor-field-required elementor-mark-required\">\n\t\t\t\t\t\t\t<div class=\"elementor-field-subgroup\">\n\t\t\t<span class=\"elementor-field-option\">\n\t\t\t\t<input type=\"checkbox\" name=\"form_fields[legal]\" id=\"form-field-legal\" class=\"elementor-field elementor-size-md  elementor-acceptance-field\" required=\"required\">\n\t\t\t\t<label for=\"form-field-legal\">He llegit i accepto la <a href=\"https:\/\/creativabarcelona.com\/ca\/politica-privacidad\/\" target=\"_blank\">Pol\u00edtica de Privacitat de Dades * <\/a><\/label>\t\t\t<\/span>\n\t\t<\/div>\n\t\t\t\t\t\t<\/div>\n\t\t\t\t\t\t\t\t<div class=\"elementor-field-type-acceptance elementor-field-group elementor-column elementor-field-group-bases elementor-col-100 elementor-field-required elementor-mark-required\">\n\t\t\t\t\t\t\t<div class=\"elementor-field-subgroup\">\n\t\t\t<span class=\"elementor-field-option\">\n\t\t\t\t<input type=\"checkbox\" name=\"form_fields[bases]\" id=\"form-field-bases\" class=\"elementor-field elementor-size-md  elementor-acceptance-field\" required=\"required\">\n\t\t\t\t<label for=\"form-field-bases\">He llegit i accepto les <a href=\"https:\/\/creativabarcelona.com\/bases_concurso_costura_creativa_2024.pdf\" target=\"_blank\">Bases del concurs de costura creativa 2024 *<\/a><\/label>\t\t\t<\/span>\n\t\t<\/div>\n\t\t\t\t\t\t<\/div>\n\t\t\t\t\t\t\t\t<div class=\"elementor-field-type-html elementor-field-group elementor-column elementor-field-group-field_bc093ed elementor-col-100\">\n\t\t\t\t\t<div style=\"with:100%; border-bottom: 1px solid #DC5A7C; margin: 20px 0px\"><\/div>\n\t\t\t\t<\/div>\n\t\t\t\t\t\t\t\t<div class=\"elementor-field-type-text\">\n\t\t\t\t\t<input size=\"1\" type=\"text\" name=\"form_fields[field_7b33a0e]\" id=\"form-field-field_7b33a0e\" class=\"elementor-field elementor-size-md \" style=\"display:none !important;\">\t\t\t\t<\/div>\n\t\t\t\t\t\t\t\t<div class=\"elementor-field-type-recaptcha_v3 elementor-field-group elementor-column elementor-field-group-field_281aafd elementor-col-100 recaptcha_v3-inline\">\n\t\t\t\t\t<div class=\"elementor-field\" id=\"form-field-field_281aafd\"><div class=\"elementor-g-recaptcha\" data-sitekey=\"6LdwDJkeAAAAAESgbkTZiNaNUafwLhV26KO1EgEv\" data-type=\"v3\" data-action=\"Form\" data-badge=\"inline\" data-size=\"invisible\"><\/div><\/div>\t\t\t\t<\/div>\n\t\t\t\t\t\t\t\t<div class=\"elementor-field-group elementor-column elementor-field-type-submit elementor-col-100 e-form__buttons\">\n\t\t\t\t\t<button class=\"elementor-button elementor-size-sm\" type=\"submit\">\n\t\t\t\t\t\t<span class=\"elementor-button-content-wrapper\">\n\t\t\t\t\t\t\t\t\t\t\t\t\t\t\t\t\t\t\t\t\t\t<span class=\"elementor-button-text\">Enviar<\/span>\n\t\t\t\t\t\t\t\t\t\t\t\t\t<\/span>\n\t\t\t\t\t<\/button>\n\t\t\t\t<\/div>\n\t\t\t<\/div>\n\t\t<\/form>\n\t\t\t\t\t\t<\/div>\n\t\t\t\t<\/div>\n\t\t\t\t<div class=\"elementor-element elementor-element-e06f355 elementor-widget elementor-widget-text-editor\" data-id=\"e06f355\" data-element_type=\"widget\" data-e-type=\"widget\" data-widget_type=\"text-editor.default\">\n\t\t\t\t<div class=\"elementor-widget-container\">\n\t\t\t\t\t\t\t\t\t<p>Aquest lloc est\u00e0 protegit per reCAPTCHA i s&#8217;apliquen la pol\u00edtica de privacitat i els termes de servei de Google.<br \/><strong>Responsable de les dadess:<\/strong> PROFEI, S.L., NIF: B66229006, Inscrita en el Registre Mercantil de Barcelona, al Tom: 22.184 Foli: 22 Full: B- 32669.<br \/><strong>Objectiu:<\/strong> Inscriur-et la Concurs de Costura Creativa 2024<br \/><strong>Beneficiari:<\/strong>\u00a0PROFEI, S.L.<br \/><strong>Els teus drets:<\/strong> Pots editar, recuperar i suprimir la informaci\u00f3 quan vulguis a trav\u00e9s de les dades de contacte reflectides a la secci\u00f3 de Pol\u00edtica de Privacitat.<br \/><strong>Tractament:<\/strong> Les teves dades no s&#8217;emmagatzemaran m\u00e9s enll\u00e0 del temps que estiguin al nostre client de correu electr\u00f2nic.<\/p>\t\t\t\t\t\t\t\t<\/div>\n\t\t\t\t<\/div>\n\t\t\t\t<\/div>\n\t\t<div class=\"elementor-element elementor-element-9b5c34f e-con-full e-flex e-con e-child\" data-id=\"9b5c34f\" data-element_type=\"container\" data-e-type=\"container\" data-settings=\"{&quot;background_background&quot;:&quot;classic&quot;}\">\n\t\t\t\t<div class=\"elementor-element elementor-element-67cac38 elementor-widget-divider--view-line elementor-widget elementor-widget-divider\" data-id=\"67cac38\" data-element_type=\"widget\" data-e-type=\"widget\" data-widget_type=\"divider.default\">\n\t\t\t\t<div class=\"elementor-widget-container\">\n\t\t\t\t\t\t\t<div class=\"elementor-divider\">\n\t\t\t<span class=\"elementor-divider-separator\">\n\t\t\t\t\t\t<\/span>\n\t\t<\/div>\n\t\t\t\t\t\t<\/div>\n\t\t\t\t<\/div>\n\t\t\t\t<\/div>\n\t\t\t\t\t<\/div>\n\t\t\t\t<\/div>\n\t\t<div class=\"elementor-element elementor-element-a69b211 elementor-hidden-desktop elementor-hidden-tablet elementor-hidden-mobile e-flex e-con-boxed e-con e-parent\" data-id=\"a69b211\" data-element_type=\"container\" data-e-type=\"container\">\n\t\t\t\t\t<div class=\"e-con-inner\">\n\t\t\t\t\t<\/div>\n\t\t\t\t<\/div>\n\t\t\t\t<\/div>\n\t\t","protected":false},"excerpt":{"rendered":"<p>Concurs de Costura Creativa amb Costurcat &amp; Skarlett Costura Divendres, 8 de novembre de 2024. Benvinguts al Concurs EN PARELLES de Costura Creativa de Creativa Barcelona!Un esdeveniment emocionant on la creativitat i l&#8217;habilitat s&#8217;uneixen per donar vida a projectes incre\u00efbles. Aquest concurs est\u00e0 dissenyat per a amants de la costura i les manualitats i ofereix [&hellip;]<\/p>\n","protected":false},"author":1,"featured_media":0,"parent":0,"menu_order":0,"comment_status":"closed","ping_status":"closed","template":"elementor_header_footer","meta":{"footnotes":""},"class_list":["post-17806","page","type-page","status-publish","hentry"],"yoast_head":"<!-- This site is optimized with the Yoast SEO plugin v27.5 - https:\/\/yoast.com\/product\/yoast-seo-wordpress\/ -->\n<title>Concurs de Costura Creativa - Creativa Barcelona<\/title>\n<meta name=\"robots\" content=\"index, follow, max-snippet:-1, max-image-preview:large, max-video-preview:-1\" \/>\n<link rel=\"canonical\" href=\"https:\/\/creativabarcelona.com\/concurso-costura\/\" \/>\n<meta property=\"og:locale\" content=\"ca_ES\" \/>\n<meta property=\"og:type\" content=\"article\" \/>\n<meta property=\"og:title\" content=\"Concurs de Costura Creativa - Creativa Barcelona\" \/>\n<meta property=\"og:description\" content=\"Concurs de Costura Creativa amb Costurcat &amp; Skarlett Costura Divendres, 8 de novembre de 2024. Benvinguts al Concurs EN PARELLES de Costura Creativa de Creativa Barcelona!Un esdeveniment emocionant on la creativitat i l&#8217;habilitat s&#8217;uneixen per donar vida a projectes incre\u00efbles. Aquest concurs est\u00e0 dissenyat per a amants de la costura i les manualitats i ofereix [&hellip;]\" \/>\n<meta property=\"og:url\" content=\"https:\/\/creativabarcelona.com\/concurso-costura\/\" \/>\n<meta property=\"og:site_name\" content=\"Creativa Barcelona\" \/>\n<meta property=\"article:modified_time\" content=\"2024-10-11T07:20:02+00:00\" \/>\n<meta property=\"og:image\" content=\"https:\/\/creativabarcelona.com\/wp-content\/uploads\/2024\/09\/influencer2024_armando_skarlett-1.jpg\" \/>\n\t<meta property=\"og:image:width\" content=\"500\" \/>\n\t<meta property=\"og:image:height\" content=\"500\" \/>\n\t<meta property=\"og:image:type\" content=\"image\/jpeg\" \/>\n<meta name=\"twitter:card\" content=\"summary_large_image\" \/>\n<meta name=\"twitter:label1\" content=\"Temps estimat de lectura\" \/>\n\t<meta name=\"twitter:data1\" content=\"6 minuts\" \/>\n<script type=\"application\/ld+json\" class=\"yoast-schema-graph\">{\"@context\":\"https:\\\/\\\/schema.org\",\"@graph\":[{\"@type\":\"WebPage\",\"@id\":\"https:\\\/\\\/creativabarcelona.com\\\/concurso-costura\\\/\",\"url\":\"https:\\\/\\\/creativabarcelona.com\\\/concurso-costura\\\/\",\"name\":\"Concurs de Costura Creativa - Creativa Barcelona\",\"isPartOf\":{\"@id\":\"https:\\\/\\\/creativabarcelona.com\\\/#website\"},\"primaryImageOfPage\":{\"@id\":\"https:\\\/\\\/creativabarcelona.com\\\/concurso-costura\\\/#primaryimage\"},\"image\":{\"@id\":\"https:\\\/\\\/creativabarcelona.com\\\/concurso-costura\\\/#primaryimage\"},\"thumbnailUrl\":\"https:\\\/\\\/creativabarcelona.com\\\/wp-content\\\/uploads\\\/2024\\\/09\\\/influencer2024_armando_skarlett-1-150x150.jpg\",\"datePublished\":\"2024-10-07T16:57:44+00:00\",\"dateModified\":\"2024-10-11T07:20:02+00:00\",\"breadcrumb\":{\"@id\":\"https:\\\/\\\/creativabarcelona.com\\\/concurso-costura\\\/#breadcrumb\"},\"inLanguage\":\"ca\",\"potentialAction\":[{\"@type\":\"ReadAction\",\"target\":[\"https:\\\/\\\/creativabarcelona.com\\\/concurso-costura\\\/\"]}]},{\"@type\":\"ImageObject\",\"inLanguage\":\"ca\",\"@id\":\"https:\\\/\\\/creativabarcelona.com\\\/concurso-costura\\\/#primaryimage\",\"url\":\"https:\\\/\\\/creativabarcelona.com\\\/wp-content\\\/uploads\\\/2024\\\/09\\\/influencer2024_armando_skarlett-1-150x150.jpg\",\"contentUrl\":\"https:\\\/\\\/creativabarcelona.com\\\/wp-content\\\/uploads\\\/2024\\\/09\\\/influencer2024_armando_skarlett-1-150x150.jpg\"},{\"@type\":\"BreadcrumbList\",\"@id\":\"https:\\\/\\\/creativabarcelona.com\\\/concurso-costura\\\/#breadcrumb\",\"itemListElement\":[{\"@type\":\"ListItem\",\"position\":1,\"name\":\"Portada\",\"item\":\"https:\\\/\\\/creativabarcelona.com\\\/ca\\\/\"},{\"@type\":\"ListItem\",\"position\":2,\"name\":\"Concurs de Costura Creativa\"}]},{\"@type\":\"WebSite\",\"@id\":\"https:\\\/\\\/creativabarcelona.com\\\/#website\",\"url\":\"https:\\\/\\\/creativabarcelona.com\\\/\",\"name\":\"Creativa Barcelona\",\"description\":\"Sal\u00f3 de les Manualitats i Artesanies\",\"publisher\":{\"@id\":\"https:\\\/\\\/creativabarcelona.com\\\/#organization\"},\"potentialAction\":[{\"@type\":\"SearchAction\",\"target\":{\"@type\":\"EntryPoint\",\"urlTemplate\":\"https:\\\/\\\/creativabarcelona.com\\\/?s={search_term_string}\"},\"query-input\":{\"@type\":\"PropertyValueSpecification\",\"valueRequired\":true,\"valueName\":\"search_term_string\"}}],\"inLanguage\":\"ca\"},{\"@type\":\"Organization\",\"@id\":\"https:\\\/\\\/creativabarcelona.com\\\/#organization\",\"name\":\"Creativa Barcelona\",\"url\":\"https:\\\/\\\/creativabarcelona.com\\\/\",\"logo\":{\"@type\":\"ImageObject\",\"inLanguage\":\"ca\",\"@id\":\"https:\\\/\\\/creativabarcelona.com\\\/#\\\/schema\\\/logo\\\/image\\\/\",\"url\":\"https:\\\/\\\/creativabarcelona.com\\\/wp-content\\\/uploads\\\/2025\\\/03\\\/logo_creativa_barcelona_Cast-1.png\",\"contentUrl\":\"https:\\\/\\\/creativabarcelona.com\\\/wp-content\\\/uploads\\\/2025\\\/03\\\/logo_creativa_barcelona_Cast-1.png\",\"width\":777,\"height\":417,\"caption\":\"Creativa Barcelona\"},\"image\":{\"@id\":\"https:\\\/\\\/creativabarcelona.com\\\/#\\\/schema\\\/logo\\\/image\\\/\"}}]}<\/script>\n<!-- \/ Yoast SEO plugin. -->","yoast_head_json":{"title":"Concurs de Costura Creativa - Creativa Barcelona","robots":{"index":"index","follow":"follow","max-snippet":"max-snippet:-1","max-image-preview":"max-image-preview:large","max-video-preview":"max-video-preview:-1"},"canonical":"https:\/\/creativabarcelona.com\/concurso-costura\/","og_locale":"ca_ES","og_type":"article","og_title":"Concurs de Costura Creativa - Creativa Barcelona","og_description":"Concurs de Costura Creativa amb Costurcat &amp; Skarlett Costura Divendres, 8 de novembre de 2024. Benvinguts al Concurs EN PARELLES de Costura Creativa de Creativa Barcelona!Un esdeveniment emocionant on la creativitat i l&#8217;habilitat s&#8217;uneixen per donar vida a projectes incre\u00efbles. Aquest concurs est\u00e0 dissenyat per a amants de la costura i les manualitats i ofereix [&hellip;]","og_url":"https:\/\/creativabarcelona.com\/concurso-costura\/","og_site_name":"Creativa Barcelona","article_modified_time":"2024-10-11T07:20:02+00:00","og_image":[{"width":500,"height":500,"url":"https:\/\/creativabarcelona.com\/wp-content\/uploads\/2024\/09\/influencer2024_armando_skarlett-1.jpg","type":"image\/jpeg"}],"twitter_card":"summary_large_image","twitter_misc":{"Temps estimat de lectura":"6 minuts"},"schema":{"@context":"https:\/\/schema.org","@graph":[{"@type":"WebPage","@id":"https:\/\/creativabarcelona.com\/concurso-costura\/","url":"https:\/\/creativabarcelona.com\/concurso-costura\/","name":"Concurs de Costura Creativa - Creativa Barcelona","isPartOf":{"@id":"https:\/\/creativabarcelona.com\/#website"},"primaryImageOfPage":{"@id":"https:\/\/creativabarcelona.com\/concurso-costura\/#primaryimage"},"image":{"@id":"https:\/\/creativabarcelona.com\/concurso-costura\/#primaryimage"},"thumbnailUrl":"https:\/\/creativabarcelona.com\/wp-content\/uploads\/2024\/09\/influencer2024_armando_skarlett-1-150x150.jpg","datePublished":"2024-10-07T16:57:44+00:00","dateModified":"2024-10-11T07:20:02+00:00","breadcrumb":{"@id":"https:\/\/creativabarcelona.com\/concurso-costura\/#breadcrumb"},"inLanguage":"ca","potentialAction":[{"@type":"ReadAction","target":["https:\/\/creativabarcelona.com\/concurso-costura\/"]}]},{"@type":"ImageObject","inLanguage":"ca","@id":"https:\/\/creativabarcelona.com\/concurso-costura\/#primaryimage","url":"https:\/\/creativabarcelona.com\/wp-content\/uploads\/2024\/09\/influencer2024_armando_skarlett-1-150x150.jpg","contentUrl":"https:\/\/creativabarcelona.com\/wp-content\/uploads\/2024\/09\/influencer2024_armando_skarlett-1-150x150.jpg"},{"@type":"BreadcrumbList","@id":"https:\/\/creativabarcelona.com\/concurso-costura\/#breadcrumb","itemListElement":[{"@type":"ListItem","position":1,"name":"Portada","item":"https:\/\/creativabarcelona.com\/ca\/"},{"@type":"ListItem","position":2,"name":"Concurs de Costura Creativa"}]},{"@type":"WebSite","@id":"https:\/\/creativabarcelona.com\/#website","url":"https:\/\/creativabarcelona.com\/","name":"Creativa Barcelona","description":"Sal\u00f3 de les Manualitats i Artesanies","publisher":{"@id":"https:\/\/creativabarcelona.com\/#organization"},"potentialAction":[{"@type":"SearchAction","target":{"@type":"EntryPoint","urlTemplate":"https:\/\/creativabarcelona.com\/?s={search_term_string}"},"query-input":{"@type":"PropertyValueSpecification","valueRequired":true,"valueName":"search_term_string"}}],"inLanguage":"ca"},{"@type":"Organization","@id":"https:\/\/creativabarcelona.com\/#organization","name":"Creativa Barcelona","url":"https:\/\/creativabarcelona.com\/","logo":{"@type":"ImageObject","inLanguage":"ca","@id":"https:\/\/creativabarcelona.com\/#\/schema\/logo\/image\/","url":"https:\/\/creativabarcelona.com\/wp-content\/uploads\/2025\/03\/logo_creativa_barcelona_Cast-1.png","contentUrl":"https:\/\/creativabarcelona.com\/wp-content\/uploads\/2025\/03\/logo_creativa_barcelona_Cast-1.png","width":777,"height":417,"caption":"Creativa Barcelona"},"image":{"@id":"https:\/\/creativabarcelona.com\/#\/schema\/logo\/image\/"}}]}},"_links":{"self":[{"href":"https:\/\/creativabarcelona.com\/ca\/wp-json\/wp\/v2\/pages\/17806","targetHints":{"allow":["GET"]}}],"collection":[{"href":"https:\/\/creativabarcelona.com\/ca\/wp-json\/wp\/v2\/pages"}],"about":[{"href":"https:\/\/creativabarcelona.com\/ca\/wp-json\/wp\/v2\/types\/page"}],"author":[{"embeddable":true,"href":"https:\/\/creativabarcelona.com\/ca\/wp-json\/wp\/v2\/users\/1"}],"replies":[{"embeddable":true,"href":"https:\/\/creativabarcelona.com\/ca\/wp-json\/wp\/v2\/comments?post=17806"}],"version-history":[{"count":5,"href":"https:\/\/creativabarcelona.com\/ca\/wp-json\/wp\/v2\/pages\/17806\/revisions"}],"predecessor-version":[{"id":18130,"href":"https:\/\/creativabarcelona.com\/ca\/wp-json\/wp\/v2\/pages\/17806\/revisions\/18130"}],"wp:attachment":[{"href":"https:\/\/creativabarcelona.com\/ca\/wp-json\/wp\/v2\/media?parent=17806"}],"curies":[{"name":"wp","href":"https:\/\/api.w.org\/{rel}","templated":true}]}}